{"id":592,"date":"2022-09-16T12:01:15","date_gmt":"2022-09-16T12:01:15","guid":{"rendered":"http:\/\/10.80.100.25\/ca\/?page_id=592"},"modified":"2023-02-04T10:02:20","modified_gmt":"2023-02-04T09:02:20","slug":"nuestro-equipo","status":"publish","type":"page","link":"https:\/\/www.facepa.org\/en\/transparency\/our-team\/","title":{"rendered":"Our team"},"content":{"rendered":"\t\t<div data-elementor-type=\"wp-page\" data-elementor-id=\"592\" class=\"elementor elementor-592\" data-elementor-post-type=\"page\">\n\t\t\t\t\t\t<section class=\"elementor-section elementor-top-section elementor-element elementor-element-5d409a3 elementor-section-height-min-height elementor-section-content-middle elementor-section-stretched dc-has-condition dc-condition-equal elementor-section-boxed elementor-section-height-default elementor-section-items-middle\" data-id=\"5d409a3\" data-element_type=\"section\" data-settings=\"{&quot;background_background&quot;:&quot;classic&quot;,&quot;stretch_section&quot;:&quot;section-stretched&quot;}\">\n\t\t\t\t\t\t\t<div class=\"elementor-background-overlay\"><\/div>\n\t\t\t\t\t\t\t<div class=\"elementor-container elementor-column-gap-default\">\n\t\t\t\t\t<div class=\"elementor-column elementor-col-100 elementor-top-column elementor-element elementor-element-5467628\" data-id=\"5467628\" data-element_type=\"column\">\n\t\t\t<div class=\"elementor-widget-wrap elementor-element-populated\">\n\t\t\t\t\t\t<div class=\"elementor-element elementor-element-7ace50e elementor-widget elementor-widget-heading\" data-id=\"7ace50e\" data-element_type=\"widget\" data-widget_type=\"heading.default\">\n\t\t\t\t<div class=\"elementor-widget-container\">\n\t\t\t<style>\/*! elementor - v3.22.0 - 26-06-2024 *\/\n.elementor-heading-title{padding:0;margin:0;line-height:1}.elementor-widget-heading .elementor-heading-title[class*=elementor-size-]>a{color:inherit;font-size:inherit;line-height:inherit}.elementor-widget-heading .elementor-heading-title.elementor-size-small{font-size:15px}.elementor-widget-heading .elementor-heading-title.elementor-size-medium{font-size:19px}.elementor-widget-heading .elementor-heading-title.elementor-size-large{font-size:29px}.elementor-widget-heading .elementor-heading-title.elementor-size-xl{font-size:39px}.elementor-widget-heading .elementor-heading-title.elementor-size-xxl{font-size:59px}<\/style><h1 class=\"elementor-heading-title elementor-size-default\">Transparency<\/h1>\t\t<\/div>\n\t\t\t\t<\/div>\n\t\t\t\t\t<\/div>\n\t\t<\/div>\n\t\t\t\t\t<\/div>\n\t\t<\/section>\n\t\t\t\t<section class=\"elementor-section elementor-top-section elementor-element elementor-element-65c85509 elementor-section-boxed elementor-section-height-default elementor-section-height-default\" data-id=\"65c85509\" data-element_type=\"section\">\n\t\t\t\t\t\t<div class=\"elementor-container elementor-column-gap-default\">\n\t\t\t\t\t<div class=\"elementor-column elementor-col-100 elementor-top-column elementor-element elementor-element-638075fa\" data-id=\"638075fa\" data-element_type=\"column\">\n\t\t\t<div class=\"elementor-widget-wrap elementor-element-populated\">\n\t\t\t\t\t\t<div class=\"elementor-element elementor-element-9d75929 elementor-widget elementor-widget-text-editor\" data-id=\"9d75929\" data-element_type=\"widget\" data-widget_type=\"text-editor.default\">\n\t\t\t\t<div class=\"elementor-widget-container\">\n\t\t\t<style>\/*! elementor - v3.22.0 - 26-06-2024 *\/\n.elementor-widget-text-editor.elementor-drop-cap-view-stacked .elementor-drop-cap{background-color:#69727d;color:#fff}.elementor-widget-text-editor.elementor-drop-cap-view-framed .elementor-drop-cap{color:#69727d;border:3px solid;background-color:transparent}.elementor-widget-text-editor:not(.elementor-drop-cap-view-default) .elementor-drop-cap{margin-top:8px}.elementor-widget-text-editor:not(.elementor-drop-cap-view-default) .elementor-drop-cap-letter{width:1em;height:1em}.elementor-widget-text-editor .elementor-drop-cap{float:left;text-align:center;line-height:1;font-size:50px}.elementor-widget-text-editor .elementor-drop-cap-letter{display:inline-block}<\/style>\t\t\t\t<p style=\"text-align: center;\"><\/p><p style=\"text-align: center;\">The team includes collaborators and remunerated people who take care of the day-to-day running of the organization from the most technical and economic aspects to the support to entities. Their weekly coordination is open to all the participants and its functioning is of assembly type.<\/p><p style=\"text-align: center;\"><\/p>\t\t\t\t\t\t<\/div>\n\t\t\t\t<\/div>\n\t\t\t\t<div class=\"elementor-element elementor-element-3690987 elementor-widget elementor-widget-image\" data-id=\"3690987\" data-element_type=\"widget\" data-widget_type=\"image.default\">\n\t\t\t\t<div class=\"elementor-widget-container\">\n\t\t\t<style>\/*! elementor - v3.22.0 - 26-06-2024 *\/\n.elementor-widget-image{text-align:center}.elementor-widget-image a{display:inline-block}.elementor-widget-image a img[src$=\".svg\"]{width:48px}.elementor-widget-image img{vertical-align:middle;display:inline-block}<\/style>\t\t\t\t\t\t\t\t\t\t<img fetchpriority=\"high\" decoding=\"async\" width=\"1091\" height=\"613\" src=\"https:\/\/www.facepa.org\/wp-content\/uploads\/2022\/10\/equipo.png\" class=\"attachment-full size-full wp-image-1912\" alt=\"\" srcset=\"https:\/\/www.facepa.org\/wp-content\/uploads\/2022\/10\/equipo.png 1091w, https:\/\/www.facepa.org\/wp-content\/uploads\/2022\/10\/equipo-300x169.png 300w, https:\/\/www.facepa.org\/wp-content\/uploads\/2022\/10\/equipo-1024x575.png 1024w, https:\/\/www.facepa.org\/wp-content\/uploads\/2022\/10\/equipo-768x432.png 768w\" sizes=\"(max-width: 1091px) 100vw, 1091px\" \/>\t\t\t\t\t\t\t\t\t\t\t\t\t<\/div>\n\t\t\t\t<\/div>\n\t\t\t\t\t<\/div>\n\t\t<\/div>\n\t\t\t\t\t<\/div>\n\t\t<\/section>\n\t\t<div class=\"elementor-element elementor-element-f70f684 e-flex e-con-boxed e-con e-parent\" data-id=\"f70f684\" data-element_type=\"container\">\n\t\t\t\t\t<div class=\"e-con-inner\">\n\t\t\t\t<div class=\"elementor-element elementor-element-ba9763e elementor-widget elementor-widget-text-editor\" data-id=\"ba9763e\" data-element_type=\"widget\" data-widget_type=\"text-editor.default\">\n\t\t\t\t<div class=\"elementor-widget-container\">\n\t\t\t\t\t\t\t<p><\/p><p>The functioning of <strong>FACEPA<\/strong> is democratic and participative and is based on the decisions taken jointly by all the participants. decisions taken jointly by all the participants of the cultural and educational associations. cultural and educational associations.<\/p><blockquote><h3>General management assemblies as a long-term focal point<\/h3><\/blockquote><p>This is where the federation&#8217;s priorities for the current year are decided. They are generally held at least once a year.<\/p><blockquote><h3>Monthly assemblies, one of the keys to our functioning<\/h3><\/blockquote><p>Assemblies that are attended by a representative of each of the different commissions, activity groups and commissions, activity groups and federated entities. It is a space for global management.<\/p><blockquote><h3>Participatory commissions drive our activities<\/h3><\/blockquote><p>In order to carry out the objectives, activities and projects defined in the decision-making spaces, there are working commissions that promote specific activities.<\/p>\t\t\t\t\t\t<\/div>\n\t\t\t\t<\/div>\n\t\t\t\t<div class=\"elementor-element elementor-element-89a3541 elementor-widget elementor-widget-text-editor\" data-id=\"89a3541\" data-element_type=\"widget\" data-widget_type=\"text-editor.default\">\n\t\t\t\t<div class=\"elementor-widget-container\">\n\t\t\t\t\t\t\t<p><\/p>\t\t\t\t\t\t<\/div>\n\t\t\t\t<\/div>\n\t\t\t\t\t<\/div>\n\t\t\t\t<\/div>\n\t\t\t\t<\/div>\n\t\t","protected":false},"excerpt":{"rendered":"<p>Transparency The team includes collaborators and remunerated people who take care of the day-to-day running of the organization from the most technical and economic aspects to the support to entities&#8230;.<\/p>\n","protected":false},"author":4,"featured_media":0,"parent":14,"menu_order":0,"comment_status":"closed","ping_status":"closed","template":"elementor_header_footer","meta":{"footnotes":""},"categories":[],"tags":[],"class_list":["post-592","page","type-page","status-publish","hentry"],"yoast_head":"<!-- This site is optimized with the Yoast SEO plugin v23.0 - https:\/\/yoast.com\/wordpress\/plugins\/seo\/ -->\n<title>Our team - Facepa.org<\/title>\n<meta name=\"description\" content=\"Nuestro equipo incluye personas colaboradoras y remuneradas que velan por los aspectos m\u00e1s t\u00e9cnicos y econ\u00f3micos de la organizaci\u00f3n hasta el apoyo a entidades.\" \/>\n<meta name=\"robots\" content=\"index, follow, max-snippet:-1, max-image-preview:large, max-video-preview:-1\" \/>\n<link rel=\"canonical\" href=\"https:\/\/www.facepa.org\/en\/transparencia\/nuestro-equipo\/\" \/>\n<meta property=\"og:locale\" content=\"en_US\" \/>\n<meta property=\"og:type\" content=\"article\" \/>\n<meta property=\"og:title\" content=\"Our team - Facepa.org\" \/>\n<meta property=\"og:description\" content=\"Nuestro equipo incluye personas colaboradoras y remuneradas que velan por los aspectos m\u00e1s t\u00e9cnicos y econ\u00f3micos de la organizaci\u00f3n hasta el apoyo a entidades.\" \/>\n<meta property=\"og:url\" content=\"https:\/\/www.facepa.org\/en\/transparencia\/nuestro-equipo\/\" \/>\n<meta property=\"og:site_name\" content=\"Facepa.org\" \/>\n<meta property=\"article:modified_time\" content=\"2023-02-04T09:02:20+00:00\" \/>\n<meta property=\"og:image\" content=\"http:\/\/10.80.100.25\/wp-content\/uploads\/2022\/10\/equipo.png\" \/>\n<meta name=\"twitter:card\" content=\"summary_large_image\" \/>\n<meta name=\"twitter:site\" content=\"@facepa96\" \/>\n<meta name=\"twitter:label1\" content=\"Est. reading time\" \/>\n\t<meta name=\"twitter:data1\" content=\"4 minutes\" \/>\n<script type=\"application\/ld+json\" class=\"yoast-schema-graph\">{\"@context\":\"https:\/\/schema.org\",\"@graph\":[{\"@type\":\"WebPage\",\"@id\":\"https:\/\/www.facepa.org\/en\/transparencia\/nuestro-equipo\/\",\"url\":\"https:\/\/www.facepa.org\/en\/transparencia\/nuestro-equipo\/\",\"name\":\"Our team - Facepa.org\",\"isPartOf\":{\"@id\":\"https:\/\/www.facepa.org\/en\/#website\"},\"primaryImageOfPage\":{\"@id\":\"https:\/\/www.facepa.org\/en\/transparencia\/nuestro-equipo\/#primaryimage\"},\"image\":{\"@id\":\"https:\/\/www.facepa.org\/transparencia\/nuestro-equipo\/#primaryimage\"},\"thumbnailUrl\":\"http:\/\/10.80.100.25\/wp-content\/uploads\/2022\/10\/equipo.png\",\"datePublished\":\"2022-09-16T12:01:15+00:00\",\"dateModified\":\"2023-02-04T09:02:20+00:00\",\"description\":\"Nuestro equipo incluye personas colaboradoras y remuneradas que velan por los aspectos m\u00e1s t\u00e9cnicos y econ\u00f3micos de la organizaci\u00f3n hasta el apoyo a entidades.\",\"breadcrumb\":{\"@id\":\"https:\/\/www.facepa.org\/en\/transparencia\/nuestro-equipo\/#breadcrumb\"},\"inLanguage\":\"en-US\",\"potentialAction\":[{\"@type\":\"ReadAction\",\"target\":[[\"https:\/\/www.facepa.org\/en\/transparencia\/nuestro-equipo\/\"]]}]},{\"@type\":\"ImageObject\",\"inLanguage\":\"en-US\",\"@id\":\"https:\/\/www.facepa.org\/en\/transparencia\/nuestro-equipo\/#primaryimage\",\"url\":\"http:\/\/10.80.100.25\/wp-content\/uploads\/2022\/10\/equipo.png\",\"contentUrl\":\"http:\/\/10.80.100.25\/wp-content\/uploads\/2022\/10\/equipo.png\"},{\"@type\":\"BreadcrumbList\",\"@id\":\"https:\/\/www.facepa.org\/en\/transparencia\/nuestro-equipo\/#breadcrumb\",\"itemListElement\":[{\"@type\":\"ListItem\",\"position\":1,\"name\":\"Transparencia\",\"item\":\"https:\/\/www.facepa.org\/en\/transparencia\/\"},{\"@type\":\"ListItem\",\"position\":2,\"name\":\"Nuestro equipo\"}]},{\"@type\":\"WebSite\",\"@id\":\"https:\/\/www.facepa.org\/en\/#website\",\"url\":\"https:\/\/www.facepa.org\/en\/\",\"name\":\"Facepa.org\",\"description\":\"Federaci\u00f3 d&#039;associacions culturals i educatives de persones adultes\",\"publisher\":{\"@id\":\"https:\/\/www.facepa.org\/en\/#organization\"},\"alternateName\":\"Federaci\u00f3 d'associacions culturals i educatives de persones adultes\",\"potentialAction\":[{\"@type\":\"SearchAction\",\"target\":{\"@type\":\"EntryPoint\",\"urlTemplate\":\"https:\/\/www.facepa.org\/en\/?s={search_term_string}\"},\"query-input\":\"required name=search_term_string\"}],\"inLanguage\":\"en-US\"},{\"@type\":\"Organization\",\"@id\":\"https:\/\/www.facepa.org\/en\/#organization\",\"name\":\"FACEPA. Federaci\u00f3 d'associacions culturals i educatives de persones adultes\",\"alternateName\":\"Federaci\u00f3 d'associacions culturals i educatives de persones adultes\",\"url\":\"https:\/\/www.facepa.org\/en\/\",\"logo\":{\"@type\":\"ImageObject\",\"inLanguage\":\"en-US\",\"@id\":\"https:\/\/www.facepa.org\/en\/#\/schema\/logo\/image\/\",\"url\":\"https:\/\/www.facepa.org\/wp-content\/uploads\/2022\/09\/Recurso-1.png\",\"contentUrl\":\"https:\/\/www.facepa.org\/wp-content\/uploads\/2022\/09\/Recurso-1.png\",\"width\":298,\"height\":130,\"caption\":\"FACEPA. Federaci\u00f3 d'associacions culturals i educatives de persones adultes\"},\"image\":{\"@id\":\"https:\/\/www.facepa.org\/en\/#\/schema\/logo\/image\/\"},\"sameAs\":[\"https:\/\/x.com\/facepa96\"]}]}<\/script>\n<!-- \/ Yoast SEO plugin. -->","yoast_head_json":{"title":"Our team - Facepa.org","description":"Nuestro equipo incluye personas colaboradoras y remuneradas que velan por los aspectos m\u00e1s t\u00e9cnicos y econ\u00f3micos de la organizaci\u00f3n hasta el apoyo a entidades.","robots":{"index":"index","follow":"follow","max-snippet":"max-snippet:-1","max-image-preview":"max-image-preview:large","max-video-preview":"max-video-preview:-1"},"canonical":"https:\/\/www.facepa.org\/en\/transparencia\/nuestro-equipo\/","og_locale":"en_US","og_type":"article","og_title":"Our team - Facepa.org","og_description":"Nuestro equipo incluye personas colaboradoras y remuneradas que velan por los aspectos m\u00e1s t\u00e9cnicos y econ\u00f3micos de la organizaci\u00f3n hasta el apoyo a entidades.","og_url":"https:\/\/www.facepa.org\/en\/transparencia\/nuestro-equipo\/","og_site_name":"Facepa.org","article_modified_time":"2023-02-04T09:02:20+00:00","og_image":[{"url":"http:\/\/10.80.100.25\/wp-content\/uploads\/2022\/10\/equipo.png"}],"twitter_card":"summary_large_image","twitter_site":"@facepa96","twitter_misc":{"Est. reading time":"4 minutes"},"schema":{"@context":"https:\/\/schema.org","@graph":[{"@type":"WebPage","@id":"https:\/\/www.facepa.org\/en\/transparencia\/nuestro-equipo\/","url":"https:\/\/www.facepa.org\/en\/transparencia\/nuestro-equipo\/","name":"Our team - Facepa.org","isPartOf":{"@id":"https:\/\/www.facepa.org\/en\/#website"},"primaryImageOfPage":{"@id":"https:\/\/www.facepa.org\/en\/transparencia\/nuestro-equipo\/#primaryimage"},"image":{"@id":"https:\/\/www.facepa.org\/transparencia\/nuestro-equipo\/#primaryimage"},"thumbnailUrl":"http:\/\/10.80.100.25\/wp-content\/uploads\/2022\/10\/equipo.png","datePublished":"2022-09-16T12:01:15+00:00","dateModified":"2023-02-04T09:02:20+00:00","description":"Nuestro equipo incluye personas colaboradoras y remuneradas que velan por los aspectos m\u00e1s t\u00e9cnicos y econ\u00f3micos de la organizaci\u00f3n hasta el apoyo a entidades.","breadcrumb":{"@id":"https:\/\/www.facepa.org\/en\/transparencia\/nuestro-equipo\/#breadcrumb"},"inLanguage":"en-US","potentialAction":[{"@type":"ReadAction","target":[["https:\/\/www.facepa.org\/en\/transparencia\/nuestro-equipo\/"]]}]},{"@type":"ImageObject","inLanguage":"en-US","@id":"https:\/\/www.facepa.org\/en\/transparencia\/nuestro-equipo\/#primaryimage","url":"http:\/\/10.80.100.25\/wp-content\/uploads\/2022\/10\/equipo.png","contentUrl":"http:\/\/10.80.100.25\/wp-content\/uploads\/2022\/10\/equipo.png"},{"@type":"BreadcrumbList","@id":"https:\/\/www.facepa.org\/en\/transparencia\/nuestro-equipo\/#breadcrumb","itemListElement":[{"@type":"ListItem","position":1,"name":"Transparencia","item":"https:\/\/www.facepa.org\/en\/transparencia\/"},{"@type":"ListItem","position":2,"name":"Nuestro equipo"}]},{"@type":"WebSite","@id":"https:\/\/www.facepa.org\/en\/#website","url":"https:\/\/www.facepa.org\/en\/","name":"Facepa.org","description":"Federaci\u00f3 d&#039;associacions culturals i educatives de persones adultes","publisher":{"@id":"https:\/\/www.facepa.org\/en\/#organization"},"alternateName":"Federaci\u00f3 d'associacions culturals i educatives de persones adultes","potentialAction":[{"@type":"SearchAction","target":{"@type":"EntryPoint","urlTemplate":"https:\/\/www.facepa.org\/en\/?s={search_term_string}"},"query-input":"required name=search_term_string"}],"inLanguage":"en-US"},{"@type":"Organization","@id":"https:\/\/www.facepa.org\/en\/#organization","name":"FACEPA. Federaci\u00f3 d'associacions culturals i educatives de persones adultes","alternateName":"Federaci\u00f3 d'associacions culturals i educatives de persones adultes","url":"https:\/\/www.facepa.org\/en\/","logo":{"@type":"ImageObject","inLanguage":"en-US","@id":"https:\/\/www.facepa.org\/en\/#\/schema\/logo\/image\/","url":"https:\/\/www.facepa.org\/wp-content\/uploads\/2022\/09\/Recurso-1.png","contentUrl":"https:\/\/www.facepa.org\/wp-content\/uploads\/2022\/09\/Recurso-1.png","width":298,"height":130,"caption":"FACEPA. Federaci\u00f3 d'associacions culturals i educatives de persones adultes"},"image":{"@id":"https:\/\/www.facepa.org\/en\/#\/schema\/logo\/image\/"},"sameAs":["https:\/\/x.com\/facepa96"]}]}},"_links":{"self":[{"href":"https:\/\/www.facepa.org\/en\/wp-json\/wp\/v2\/pages\/592","targetHints":{"allow":["GET"]}}],"collection":[{"href":"https:\/\/www.facepa.org\/en\/wp-json\/wp\/v2\/pages"}],"about":[{"href":"https:\/\/www.facepa.org\/en\/wp-json\/wp\/v2\/types\/page"}],"author":[{"embeddable":true,"href":"https:\/\/www.facepa.org\/en\/wp-json\/wp\/v2\/users\/4"}],"replies":[{"embeddable":true,"href":"https:\/\/www.facepa.org\/en\/wp-json\/wp\/v2\/comments?post=592"}],"version-history":[{"count":138,"href":"https:\/\/www.facepa.org\/en\/wp-json\/wp\/v2\/pages\/592\/revisions"}],"predecessor-version":[{"id":4137,"href":"https:\/\/www.facepa.org\/en\/wp-json\/wp\/v2\/pages\/592\/revisions\/4137"}],"up":[{"embeddable":true,"href":"https:\/\/www.facepa.org\/en\/wp-json\/wp\/v2\/pages\/14"}],"wp:attachment":[{"href":"https:\/\/www.facepa.org\/en\/wp-json\/wp\/v2\/media?parent=592"}],"wp:term":[{"taxonomy":"category","embeddable":true,"href":"https:\/\/www.facepa.org\/en\/wp-json\/wp\/v2\/categories?post=592"},{"taxonomy":"post_tag","embeddable":true,"href":"https:\/\/www.facepa.org\/en\/wp-json\/wp\/v2\/tags?post=592"}],"curies":[{"name":"wp","href":"https:\/\/api.w.org\/{rel}","templated":true}]}}