{"id":592,"date":"2022-09-16T12:01:15","date_gmt":"2022-09-16T12:01:15","guid":{"rendered":"http:\/\/10.80.100.25\/ca\/?page_id=592"},"modified":"2023-02-04T10:02:20","modified_gmt":"2023-02-04T09:02:20","slug":"nuestro-equipo","status":"publish","type":"page","link":"https:\/\/www.facepa.org\/ca\/transparencia\/el-nostre-equip\/","title":{"rendered":"El nostre equip"},"content":{"rendered":"\t\t<div data-elementor-type=\"wp-page\" data-elementor-id=\"592\" class=\"elementor elementor-592\" data-elementor-post-type=\"page\">\n\t\t\t\t\t\t<section class=\"elementor-section elementor-top-section elementor-element elementor-element-5d409a3 elementor-section-height-min-height elementor-section-content-middle elementor-section-stretched dc-has-condition dc-condition-equal elementor-section-boxed elementor-section-height-default elementor-section-items-middle\" data-id=\"5d409a3\" data-element_type=\"section\" data-settings=\"{&quot;background_background&quot;:&quot;classic&quot;,&quot;stretch_section&quot;:&quot;section-stretched&quot;}\">\n\t\t\t\t\t\t\t<div class=\"elementor-background-overlay\"><\/div>\n\t\t\t\t\t\t\t<div class=\"elementor-container elementor-column-gap-default\">\n\t\t\t\t\t<div class=\"elementor-column elementor-col-100 elementor-top-column elementor-element elementor-element-5467628\" data-id=\"5467628\" data-element_type=\"column\">\n\t\t\t<div class=\"elementor-widget-wrap elementor-element-populated\">\n\t\t\t\t\t\t<div class=\"elementor-element elementor-element-7ace50e elementor-widget elementor-widget-heading\" data-id=\"7ace50e\" data-element_type=\"widget\" data-widget_type=\"heading.default\">\n\t\t\t\t<div class=\"elementor-widget-container\">\n\t\t\t<style>\/*! elementor - v3.22.0 - 26-06-2024 *\/\n.elementor-heading-title{padding:0;margin:0;line-height:1}.elementor-widget-heading .elementor-heading-title[class*=elementor-size-]>a{color:inherit;font-size:inherit;line-height:inherit}.elementor-widget-heading .elementor-heading-title.elementor-size-small{font-size:15px}.elementor-widget-heading .elementor-heading-title.elementor-size-medium{font-size:19px}.elementor-widget-heading .elementor-heading-title.elementor-size-large{font-size:29px}.elementor-widget-heading .elementor-heading-title.elementor-size-xl{font-size:39px}.elementor-widget-heading .elementor-heading-title.elementor-size-xxl{font-size:59px}<\/style><h1 class=\"elementor-heading-title elementor-size-default\">Transpar\u00e8ncia<\/h1>\t\t<\/div>\n\t\t\t\t<\/div>\n\t\t\t\t\t<\/div>\n\t\t<\/div>\n\t\t\t\t\t<\/div>\n\t\t<\/section>\n\t\t\t\t<section class=\"elementor-section elementor-top-section elementor-element elementor-element-65c85509 elementor-section-boxed elementor-section-height-default elementor-section-height-default\" data-id=\"65c85509\" data-element_type=\"section\">\n\t\t\t\t\t\t<div class=\"elementor-container elementor-column-gap-default\">\n\t\t\t\t\t<div class=\"elementor-column elementor-col-100 elementor-top-column elementor-element elementor-element-638075fa\" data-id=\"638075fa\" data-element_type=\"column\">\n\t\t\t<div class=\"elementor-widget-wrap elementor-element-populated\">\n\t\t\t\t\t\t<div class=\"elementor-element elementor-element-9d75929 elementor-widget elementor-widget-text-editor\" data-id=\"9d75929\" data-element_type=\"widget\" data-widget_type=\"text-editor.default\">\n\t\t\t\t<div class=\"elementor-widget-container\">\n\t\t\t<style>\/*! elementor - v3.22.0 - 26-06-2024 *\/\n.elementor-widget-text-editor.elementor-drop-cap-view-stacked .elementor-drop-cap{background-color:#69727d;color:#fff}.elementor-widget-text-editor.elementor-drop-cap-view-framed .elementor-drop-cap{color:#69727d;border:3px solid;background-color:transparent}.elementor-widget-text-editor:not(.elementor-drop-cap-view-default) .elementor-drop-cap{margin-top:8px}.elementor-widget-text-editor:not(.elementor-drop-cap-view-default) .elementor-drop-cap-letter{width:1em;height:1em}.elementor-widget-text-editor .elementor-drop-cap{float:left;text-align:center;line-height:1;font-size:50px}.elementor-widget-text-editor .elementor-drop-cap-letter{display:inline-block}<\/style>\t\t\t\t<p style=\"text-align: center;\"><\/p><p style=\"text-align: center;\">L\u2019equip inclou persones col\u00b7laboradores i remunerades que vetllen pel dia a dia de l\u2019entitat: des dels aspectes m\u00e9s t\u00e8cnics i econ\u00f2mics fins al suport a entitats. La seva coordinaci\u00f3 setmanal est\u00e0 oberta a totes les persones participants i el seu funcionament \u00e9s de tipus assembleari.<\/p><p style=\"text-align: center;\"><\/p>\t\t\t\t\t\t<\/div>\n\t\t\t\t<\/div>\n\t\t\t\t<div class=\"elementor-element elementor-element-3690987 elementor-widget elementor-widget-image\" data-id=\"3690987\" data-element_type=\"widget\" data-widget_type=\"image.default\">\n\t\t\t\t<div class=\"elementor-widget-container\">\n\t\t\t<style>\/*! elementor - v3.22.0 - 26-06-2024 *\/\n.elementor-widget-image{text-align:center}.elementor-widget-image a{display:inline-block}.elementor-widget-image a img[src$=\".svg\"]{width:48px}.elementor-widget-image img{vertical-align:middle;display:inline-block}<\/style>\t\t\t\t\t\t\t\t\t\t<img fetchpriority=\"high\" decoding=\"async\" width=\"1091\" height=\"613\" src=\"https:\/\/www.facepa.org\/wp-content\/uploads\/2022\/10\/equipo.png\" class=\"attachment-full size-full wp-image-1912\" alt=\"\" srcset=\"https:\/\/www.facepa.org\/wp-content\/uploads\/2022\/10\/equipo.png 1091w, https:\/\/www.facepa.org\/wp-content\/uploads\/2022\/10\/equipo-300x169.png 300w, https:\/\/www.facepa.org\/wp-content\/uploads\/2022\/10\/equipo-1024x575.png 1024w, https:\/\/www.facepa.org\/wp-content\/uploads\/2022\/10\/equipo-768x432.png 768w\" sizes=\"(max-width: 1091px) 100vw, 1091px\" \/>\t\t\t\t\t\t\t\t\t\t\t\t\t<\/div>\n\t\t\t\t<\/div>\n\t\t\t\t\t<\/div>\n\t\t<\/div>\n\t\t\t\t\t<\/div>\n\t\t<\/section>\n\t\t<div class=\"elementor-element elementor-element-f70f684 e-flex e-con-boxed e-con e-parent\" data-id=\"f70f684\" data-element_type=\"container\">\n\t\t\t\t\t<div class=\"e-con-inner\">\n\t\t\t\t<div class=\"elementor-element elementor-element-ba9763e elementor-widget elementor-widget-text-editor\" data-id=\"ba9763e\" data-element_type=\"widget\" data-widget_type=\"text-editor.default\">\n\t\t\t\t<div class=\"elementor-widget-container\">\n\t\t\t\t\t\t\t<p><\/p><p>El funcionament de <strong>FACEPA<\/strong> \u00e9s democr\u00e0tic i participatiu i es basa en les decisions preses de forma conjunta entre totes les persones participants de les associacions culturals i educatives.<\/p><blockquote><h3>Les assemblees generals de gesti\u00f3 com a punt focal a llarg termini<\/h3><\/blockquote><p>\u00c9s on es decideixen les prioritats de la federaci\u00f3 de l\u2019any en curs. Generalment es celebren com a m\u00ednim un cop l\u2019any.<\/p><blockquote><h3>Les assemblees mensuals, una de les claus del nostre funcionament<\/h3><\/blockquote><p>Assemblees que compten amb la pres\u00e8ncia d\u2019un representant de cadascuna de les diferents comissions, dels grups d\u2019activitats i entitats federades. Es tracta d\u2019un espai de gesti\u00f3 global.<\/p><blockquote><h3>Les comissions participatives impulsen les nostres activitats<\/h3><\/blockquote><p>Per dur a terme els objectius, activitats i projectes definits als espais de decisi\u00f3, existeixen comissions de treball que impulsen activitats concretes.<\/p>\t\t\t\t\t\t<\/div>\n\t\t\t\t<\/div>\n\t\t\t\t\t<\/div>\n\t\t\t\t<\/div>\n\t\t<div class=\"elementor-element elementor-element-5393d69 e-flex e-con-boxed e-con e-parent\" data-id=\"5393d69\" data-element_type=\"container\">\n\t\t\t\t\t<div class=\"e-con-inner\">\n\t\t\t\t<div class=\"elementor-element elementor-element-d08aa69 elementor-widget elementor-widget-text-editor\" data-id=\"d08aa69\" data-element_type=\"widget\" data-widget_type=\"text-editor.default\">\n\t\t\t\t<div class=\"elementor-widget-container\">\n\t\t\t\t\t\t\t<p><\/p>\t\t\t\t\t\t<\/div>\n\t\t\t\t<\/div>\n\t\t\t\t\t<\/div>\n\t\t\t\t<\/div>\n\t\t\t\t<\/div>\n\t\t","protected":false},"excerpt":{"rendered":"<p>Transpar\u00e8ncia L\u2019equip inclou persones col\u00b7laboradores i remunerades que vetllen pel dia a dia de l\u2019entitat: des dels aspectes m\u00e9s t\u00e8cnics i econ\u00f2mics fins al suport a entitats. La seva coordinaci\u00f3&#8230;<\/p>\n","protected":false},"author":4,"featured_media":0,"parent":14,"menu_order":0,"comment_status":"closed","ping_status":"closed","template":"elementor_header_footer","meta":{"footnotes":""},"categories":[],"tags":[],"class_list":["post-592","page","type-page","status-publish","hentry"],"yoast_head":"<!-- This site is optimized with the Yoast SEO plugin v23.0 - https:\/\/yoast.com\/wordpress\/plugins\/seo\/ -->\n<title>El nostre equip - Facepa.org<\/title>\n<meta name=\"description\" content=\"Nuestro equipo incluye personas colaboradoras y remuneradas que velan por los aspectos m\u00e1s t\u00e9cnicos y econ\u00f3micos de la organizaci\u00f3n hasta el apoyo a entidades.\" \/>\n<meta name=\"robots\" content=\"index, follow, max-snippet:-1, max-image-preview:large, max-video-preview:-1\" \/>\n<link rel=\"canonical\" href=\"https:\/\/www.facepa.org\/ca\/transparencia\/nuestro-equipo\/\" \/>\n<meta property=\"og:locale\" content=\"ca_ES\" \/>\n<meta property=\"og:type\" content=\"article\" \/>\n<meta property=\"og:title\" content=\"El nostre equip - Facepa.org\" \/>\n<meta property=\"og:description\" content=\"Nuestro equipo incluye personas colaboradoras y remuneradas que velan por los aspectos m\u00e1s t\u00e9cnicos y econ\u00f3micos de la organizaci\u00f3n hasta el apoyo a entidades.\" \/>\n<meta property=\"og:url\" content=\"https:\/\/www.facepa.org\/ca\/transparencia\/nuestro-equipo\/\" \/>\n<meta property=\"og:site_name\" content=\"Facepa.org\" \/>\n<meta property=\"article:modified_time\" content=\"2023-02-04T09:02:20+00:00\" \/>\n<meta property=\"og:image\" content=\"http:\/\/10.80.100.25\/wp-content\/uploads\/2022\/10\/equipo.png\" \/>\n<meta name=\"twitter:card\" content=\"summary_large_image\" \/>\n<meta name=\"twitter:site\" content=\"@facepa96\" \/>\n<meta name=\"twitter:label1\" content=\"Temps estimat de lectura\" \/>\n\t<meta name=\"twitter:data1\" content=\"4 minuts\" \/>\n<script type=\"application\/ld+json\" class=\"yoast-schema-graph\">{\"@context\":\"https:\/\/schema.org\",\"@graph\":[{\"@type\":\"WebPage\",\"@id\":\"https:\/\/www.facepa.org\/ca\/transparencia\/nuestro-equipo\/\",\"url\":\"https:\/\/www.facepa.org\/ca\/transparencia\/nuestro-equipo\/\",\"name\":\"El nostre equip - Facepa.org\",\"isPartOf\":{\"@id\":\"https:\/\/www.facepa.org\/ca\/#website\"},\"primaryImageOfPage\":{\"@id\":\"https:\/\/www.facepa.org\/ca\/transparencia\/nuestro-equipo\/#primaryimage\"},\"image\":{\"@id\":\"https:\/\/www.facepa.org\/transparencia\/nuestro-equipo\/#primaryimage\"},\"thumbnailUrl\":\"http:\/\/10.80.100.25\/wp-content\/uploads\/2022\/10\/equipo.png\",\"datePublished\":\"2022-09-16T12:01:15+00:00\",\"dateModified\":\"2023-02-04T09:02:20+00:00\",\"description\":\"Nuestro equipo incluye personas colaboradoras y remuneradas que velan por los aspectos m\u00e1s t\u00e9cnicos y econ\u00f3micos de la organizaci\u00f3n hasta el apoyo a entidades.\",\"breadcrumb\":{\"@id\":\"https:\/\/www.facepa.org\/ca\/transparencia\/nuestro-equipo\/#breadcrumb\"},\"inLanguage\":\"ca\",\"potentialAction\":[{\"@type\":\"ReadAction\",\"target\":[[\"https:\/\/www.facepa.org\/ca\/transparencia\/nuestro-equipo\/\"]]}]},{\"@type\":\"ImageObject\",\"inLanguage\":\"ca\",\"@id\":\"https:\/\/www.facepa.org\/ca\/transparencia\/nuestro-equipo\/#primaryimage\",\"url\":\"http:\/\/10.80.100.25\/wp-content\/uploads\/2022\/10\/equipo.png\",\"contentUrl\":\"http:\/\/10.80.100.25\/wp-content\/uploads\/2022\/10\/equipo.png\"},{\"@type\":\"BreadcrumbList\",\"@id\":\"https:\/\/www.facepa.org\/ca\/transparencia\/nuestro-equipo\/#breadcrumb\",\"itemListElement\":[{\"@type\":\"ListItem\",\"position\":1,\"name\":\"Transparencia\",\"item\":\"https:\/\/www.facepa.org\/ca\/transparencia\/\"},{\"@type\":\"ListItem\",\"position\":2,\"name\":\"Nuestro equipo\"}]},{\"@type\":\"WebSite\",\"@id\":\"https:\/\/www.facepa.org\/ca\/#website\",\"url\":\"https:\/\/www.facepa.org\/ca\/\",\"name\":\"Facepa.org\",\"description\":\"Federaci\u00f3 d&#039;associacions culturals i educatives de persones adultes\",\"publisher\":{\"@id\":\"https:\/\/www.facepa.org\/ca\/#organization\"},\"alternateName\":\"Federaci\u00f3 d'associacions culturals i educatives de persones adultes\",\"potentialAction\":[{\"@type\":\"SearchAction\",\"target\":{\"@type\":\"EntryPoint\",\"urlTemplate\":\"https:\/\/www.facepa.org\/ca\/?s={search_term_string}\"},\"query-input\":\"required name=search_term_string\"}],\"inLanguage\":\"ca\"},{\"@type\":\"Organization\",\"@id\":\"https:\/\/www.facepa.org\/ca\/#organization\",\"name\":\"FACEPA. Federaci\u00f3 d'associacions culturals i educatives de persones adultes\",\"alternateName\":\"Federaci\u00f3 d'associacions culturals i educatives de persones adultes\",\"url\":\"https:\/\/www.facepa.org\/ca\/\",\"logo\":{\"@type\":\"ImageObject\",\"inLanguage\":\"ca\",\"@id\":\"https:\/\/www.facepa.org\/ca\/#\/schema\/logo\/image\/\",\"url\":\"https:\/\/www.facepa.org\/wp-content\/uploads\/2022\/09\/Recurso-1.png\",\"contentUrl\":\"https:\/\/www.facepa.org\/wp-content\/uploads\/2022\/09\/Recurso-1.png\",\"width\":298,\"height\":130,\"caption\":\"FACEPA. Federaci\u00f3 d'associacions culturals i educatives de persones adultes\"},\"image\":{\"@id\":\"https:\/\/www.facepa.org\/ca\/#\/schema\/logo\/image\/\"},\"sameAs\":[\"https:\/\/x.com\/facepa96\"]}]}<\/script>\n<!-- \/ Yoast SEO plugin. -->","yoast_head_json":{"title":"El nostre equip - Facepa.org","description":"Nuestro equipo incluye personas colaboradoras y remuneradas que velan por los aspectos m\u00e1s t\u00e9cnicos y econ\u00f3micos de la organizaci\u00f3n hasta el apoyo a entidades.","robots":{"index":"index","follow":"follow","max-snippet":"max-snippet:-1","max-image-preview":"max-image-preview:large","max-video-preview":"max-video-preview:-1"},"canonical":"https:\/\/www.facepa.org\/ca\/transparencia\/nuestro-equipo\/","og_locale":"ca_ES","og_type":"article","og_title":"El nostre equip - Facepa.org","og_description":"Nuestro equipo incluye personas colaboradoras y remuneradas que velan por los aspectos m\u00e1s t\u00e9cnicos y econ\u00f3micos de la organizaci\u00f3n hasta el apoyo a entidades.","og_url":"https:\/\/www.facepa.org\/ca\/transparencia\/nuestro-equipo\/","og_site_name":"Facepa.org","article_modified_time":"2023-02-04T09:02:20+00:00","og_image":[{"url":"http:\/\/10.80.100.25\/wp-content\/uploads\/2022\/10\/equipo.png"}],"twitter_card":"summary_large_image","twitter_site":"@facepa96","twitter_misc":{"Temps estimat de lectura":"4 minuts"},"schema":{"@context":"https:\/\/schema.org","@graph":[{"@type":"WebPage","@id":"https:\/\/www.facepa.org\/ca\/transparencia\/nuestro-equipo\/","url":"https:\/\/www.facepa.org\/ca\/transparencia\/nuestro-equipo\/","name":"El nostre equip - Facepa.org","isPartOf":{"@id":"https:\/\/www.facepa.org\/ca\/#website"},"primaryImageOfPage":{"@id":"https:\/\/www.facepa.org\/ca\/transparencia\/nuestro-equipo\/#primaryimage"},"image":{"@id":"https:\/\/www.facepa.org\/transparencia\/nuestro-equipo\/#primaryimage"},"thumbnailUrl":"http:\/\/10.80.100.25\/wp-content\/uploads\/2022\/10\/equipo.png","datePublished":"2022-09-16T12:01:15+00:00","dateModified":"2023-02-04T09:02:20+00:00","description":"Nuestro equipo incluye personas colaboradoras y remuneradas que velan por los aspectos m\u00e1s t\u00e9cnicos y econ\u00f3micos de la organizaci\u00f3n hasta el apoyo a entidades.","breadcrumb":{"@id":"https:\/\/www.facepa.org\/ca\/transparencia\/nuestro-equipo\/#breadcrumb"},"inLanguage":"ca","potentialAction":[{"@type":"ReadAction","target":[["https:\/\/www.facepa.org\/ca\/transparencia\/nuestro-equipo\/"]]}]},{"@type":"ImageObject","inLanguage":"ca","@id":"https:\/\/www.facepa.org\/ca\/transparencia\/nuestro-equipo\/#primaryimage","url":"http:\/\/10.80.100.25\/wp-content\/uploads\/2022\/10\/equipo.png","contentUrl":"http:\/\/10.80.100.25\/wp-content\/uploads\/2022\/10\/equipo.png"},{"@type":"BreadcrumbList","@id":"https:\/\/www.facepa.org\/ca\/transparencia\/nuestro-equipo\/#breadcrumb","itemListElement":[{"@type":"ListItem","position":1,"name":"Transparencia","item":"https:\/\/www.facepa.org\/ca\/transparencia\/"},{"@type":"ListItem","position":2,"name":"Nuestro equipo"}]},{"@type":"WebSite","@id":"https:\/\/www.facepa.org\/ca\/#website","url":"https:\/\/www.facepa.org\/ca\/","name":"Facepa.org","description":"Federaci\u00f3 d&#039;associacions culturals i educatives de persones adultes","publisher":{"@id":"https:\/\/www.facepa.org\/ca\/#organization"},"alternateName":"Federaci\u00f3 d'associacions culturals i educatives de persones adultes","potentialAction":[{"@type":"SearchAction","target":{"@type":"EntryPoint","urlTemplate":"https:\/\/www.facepa.org\/ca\/?s={search_term_string}"},"query-input":"required name=search_term_string"}],"inLanguage":"ca"},{"@type":"Organization","@id":"https:\/\/www.facepa.org\/ca\/#organization","name":"FACEPA. Federaci\u00f3 d'associacions culturals i educatives de persones adultes","alternateName":"Federaci\u00f3 d'associacions culturals i educatives de persones adultes","url":"https:\/\/www.facepa.org\/ca\/","logo":{"@type":"ImageObject","inLanguage":"ca","@id":"https:\/\/www.facepa.org\/ca\/#\/schema\/logo\/image\/","url":"https:\/\/www.facepa.org\/wp-content\/uploads\/2022\/09\/Recurso-1.png","contentUrl":"https:\/\/www.facepa.org\/wp-content\/uploads\/2022\/09\/Recurso-1.png","width":298,"height":130,"caption":"FACEPA. Federaci\u00f3 d'associacions culturals i educatives de persones adultes"},"image":{"@id":"https:\/\/www.facepa.org\/ca\/#\/schema\/logo\/image\/"},"sameAs":["https:\/\/x.com\/facepa96"]}]}},"_links":{"self":[{"href":"https:\/\/www.facepa.org\/ca\/wp-json\/wp\/v2\/pages\/592","targetHints":{"allow":["GET"]}}],"collection":[{"href":"https:\/\/www.facepa.org\/ca\/wp-json\/wp\/v2\/pages"}],"about":[{"href":"https:\/\/www.facepa.org\/ca\/wp-json\/wp\/v2\/types\/page"}],"author":[{"embeddable":true,"href":"https:\/\/www.facepa.org\/ca\/wp-json\/wp\/v2\/users\/4"}],"replies":[{"embeddable":true,"href":"https:\/\/www.facepa.org\/ca\/wp-json\/wp\/v2\/comments?post=592"}],"version-history":[{"count":138,"href":"https:\/\/www.facepa.org\/ca\/wp-json\/wp\/v2\/pages\/592\/revisions"}],"predecessor-version":[{"id":4137,"href":"https:\/\/www.facepa.org\/ca\/wp-json\/wp\/v2\/pages\/592\/revisions\/4137"}],"up":[{"embeddable":true,"href":"https:\/\/www.facepa.org\/ca\/wp-json\/wp\/v2\/pages\/14"}],"wp:attachment":[{"href":"https:\/\/www.facepa.org\/ca\/wp-json\/wp\/v2\/media?parent=592"}],"wp:term":[{"taxonomy":"category","embeddable":true,"href":"https:\/\/www.facepa.org\/ca\/wp-json\/wp\/v2\/categories?post=592"},{"taxonomy":"post_tag","embeddable":true,"href":"https:\/\/www.facepa.org\/ca\/wp-json\/wp\/v2\/tags?post=592"}],"curies":[{"name":"wp","href":"https:\/\/api.w.org\/{rel}","templated":true}]}}